{"id":145,"date":"2021-07-29T00:22:49","date_gmt":"2021-07-28T22:22:49","guid":{"rendered":"http:\/\/xn--hannis-brtchen-3pb.at\/?page_id=145"},"modified":"2025-04-04T11:23:59","modified_gmt":"2025-04-04T09:23:59","slug":"nachkriegszeit","status":"publish","type":"page","link":"https:\/\/tmv-spital.at\/?page_id=145","title":{"rendered":"Nachkriegszeit"},"content":{"rendered":"<h1 class=\"wp-block-post-title\">Nachkriegszeit<\/h1>\n\n\n<div class=\"wp-block-media-text alignwide has-media-on-the-right is-stacked-on-mobile\" style=\"grid-template-columns:auto 42%\"><figure class=\"wp-block-media-text__media\"><img loading=\"lazy\" width=\"320\" height=\"200\" src=\"https:\/\/tmv-spital.at\/wp-content\/uploads\/2021\/07\/76_01.jpg\" alt=\"\" class=\"wp-image-156 size-full\" srcset=\"https:\/\/tmv-spital.at\/wp-content\/uploads\/2021\/07\/76_01.jpg 320w, https:\/\/tmv-spital.at\/wp-content\/uploads\/2021\/07\/76_01-300x188.jpg 300w, https:\/\/tmv-spital.at\/wp-content\/uploads\/2021\/07\/76_01-259x162.jpg 259w\" sizes=\"(max-width: 320px) 100vw, 320px\" \/><\/figure><div class=\"wp-block-media-text__content\">\n<p>Ab 1976 veranstaltete der Trachtenmusikverein gemeinsam mit dem Wintersportverein Spital Zeltfeste. Musikerfreundschaften mit den Kapellen von \u00bbLyra\u00ab Rheinzabern in Deutschland und Alberndorf in Ober\u00f6sterreich entwickelten sich.<\/p>\n<\/div><\/div>\n\n\n\n<div style=\"height:50px\" aria-hidden=\"true\" class=\"wp-block-spacer\"><\/div>\n\n\n\n<div class=\"wp-block-media-text alignwide is-stacked-on-mobile\" style=\"grid-template-columns:42% auto\"><figure class=\"wp-block-media-text__media\"><img loading=\"lazy\" width=\"320\" height=\"224\" src=\"https:\/\/tmv-spital.at\/wp-content\/uploads\/2021\/07\/bau.jpg\" alt=\"\" class=\"wp-image-157 size-full\" srcset=\"https:\/\/tmv-spital.at\/wp-content\/uploads\/2021\/07\/bau.jpg 320w, https:\/\/tmv-spital.at\/wp-content\/uploads\/2021\/07\/bau-300x210.jpg 300w, https:\/\/tmv-spital.at\/wp-content\/uploads\/2021\/07\/bau-259x181.jpg 259w\" sizes=\"(max-width: 320px) 100vw, 320px\" \/><\/figure><div class=\"wp-block-media-text__content\">\n<p>Unter Kapellmeister Albert Hausleber nahm man 1985 zwei St\u00fccke f\u00fcr eine Schallplatte mit Musikvereinen des Bezirkes auf, nahm mit Erfolg an Wertungsspielen teil und veranstaltete am 5. Juli 1986 im Rahmen des Zeltfestes das 1. Marsch \u2013 Wertungsspiel des Blasmusikbezirkes M\u00fcrzzuschlag.&nbsp;1987 wurde der Verein neu eingekleidet, wieder w\u00e4hlte man die \u201eErzherzog Johann \u2013 Tracht\u201c.<\/p>\n<\/div><\/div>\n\n\n\n<div style=\"height:50px\" aria-hidden=\"true\" class=\"wp-block-spacer\"><\/div>\n\n\n\n<p>Die folgenden Jahre waren besonders von der Suche nach einem neuen Probenlokal gepr\u00e4gt, da f\u00fcr \u00fcber 40 Musiker*innen die Raumverh\u00e4ltnisse nicht mehr ausreichten. 1994 \u2013 1995 wurde mit Hilfe der Gemeinde und freiwilligen Helfern ein modernes Probenlokal samt wichtiger Nebenr\u00e4ume geschaffen.<\/p>\n\n\n\n<div style=\"height:50px\" aria-hidden=\"true\" class=\"wp-block-spacer\"><\/div>\n\n\n\n<div class=\"wp-block-media-text alignwide has-media-on-the-right is-stacked-on-mobile\" style=\"grid-template-columns:auto 43%\"><figure class=\"wp-block-media-text__media\"><img loading=\"lazy\" width=\"319\" height=\"228\" src=\"https:\/\/tmv-spital.at\/wp-content\/uploads\/2021\/07\/panther.jpg\" alt=\"\" class=\"wp-image-161 size-full\" srcset=\"https:\/\/tmv-spital.at\/wp-content\/uploads\/2021\/07\/panther.jpg 319w, https:\/\/tmv-spital.at\/wp-content\/uploads\/2021\/07\/panther-300x214.jpg 300w, https:\/\/tmv-spital.at\/wp-content\/uploads\/2021\/07\/panther-259x185.jpg 259w\" sizes=\"(max-width: 319px) 100vw, 319px\" \/><\/figure><div class=\"wp-block-media-text__content\">\n<p>Am 21.10.1995 wurde das heutige Probenlokal feierlich eingeweiht. 1999 wurde unter Kapellmeister Richard Schmid die CD \u201eSteirisches Herz\u201c mit zwei Gastkapellen aufgenommen. Unter Kapellmeister Frau Mag. Gerlinde Karner bekam der Verein von Frau Landeshauptmann Waltraud Klasnic den \u201eRobert Stolz\u201c Preis und zweimal den \u201eSteirischen Panther\u201c verliehen.<\/p>\n<\/div><\/div>\n\n\n\n<div style=\"height:50px\" aria-hidden=\"true\" class=\"wp-block-spacer\"><\/div>\n\n\n\n<div class=\"wp-block-media-text alignwide is-stacked-on-mobile\" style=\"grid-template-columns:45% auto\"><figure class=\"wp-block-media-text__media\"><img loading=\"lazy\" width=\"304\" height=\"199\" src=\"https:\/\/tmv-spital.at\/wp-content\/uploads\/2021\/07\/musi_old_.jpg\" alt=\"\" class=\"wp-image-160 size-full\" srcset=\"https:\/\/tmv-spital.at\/wp-content\/uploads\/2021\/07\/musi_old_.jpg 304w, https:\/\/tmv-spital.at\/wp-content\/uploads\/2021\/07\/musi_old_-300x196.jpg 300w, https:\/\/tmv-spital.at\/wp-content\/uploads\/2021\/07\/musi_old_-259x170.jpg 259w\" sizes=\"(max-width: 304px) 100vw, 304px\" \/><\/figure><div class=\"wp-block-media-text__content\">\n<p>Trachtenmusikverein 2003<\/p>\n<\/div><\/div>\n\n\n\n<div style=\"height:50px\" aria-hidden=\"true\" class=\"wp-block-spacer\"><\/div>\n\n\n\n<div class=\"wp-block-media-text alignwide has-media-on-the-right is-stacked-on-mobile\" style=\"grid-template-columns:auto 46%\"><figure class=\"wp-block-media-text__media\"><img loading=\"lazy\" width=\"319\" height=\"192\" src=\"https:\/\/tmv-spital.at\/wp-content\/uploads\/2021\/07\/musi2009.jpg\" alt=\"\" class=\"wp-image-158 size-full\" srcset=\"https:\/\/tmv-spital.at\/wp-content\/uploads\/2021\/07\/musi2009.jpg 319w, https:\/\/tmv-spital.at\/wp-content\/uploads\/2021\/07\/musi2009-300x181.jpg 300w, https:\/\/tmv-spital.at\/wp-content\/uploads\/2021\/07\/musi2009-259x156.jpg 259w\" sizes=\"(max-width: 319px) 100vw, 319px\" \/><\/figure><div class=\"wp-block-media-text__content\">\n<p>Am 13.12.2008 wurde die neue Tracht vom TMV pr\u00e4sentiert. Es ist die f\u00fcnfte einheitliche Einkleidung seit dem Jahr 1932.<\/p>\n<\/div><\/div>\n\n\n\n<div style=\"height:50px\" aria-hidden=\"true\" class=\"wp-block-spacer\"><\/div>\n\n\n\n<p>Am 17. Mai 2009 durfte der TMV den zweiten &#8222;Robert Stolz Preis&#8220;, sowie am 2. Mai 2011 den dritten &#8222;Steirischen Panther&#8220; durch Landeshauptmann Mag. Franz Voves und LH.Stv. Hermann Sch\u00fctzenh\u00f6fer feierlich entgegennehmen.<\/p>\n\n\n\n<div style=\"height:50px\" aria-hidden=\"true\" class=\"wp-block-spacer\"><\/div>\n\n\n\n<div class=\"wp-block-media-text alignwide is-stacked-on-mobile\" style=\"grid-template-columns:45% auto\"><figure class=\"wp-block-media-text__media\"><img loading=\"lazy\" width=\"320\" height=\"193\" src=\"https:\/\/tmv-spital.at\/wp-content\/uploads\/2021\/07\/musi2012.jpg\" alt=\"\" class=\"wp-image-159 size-full\" srcset=\"https:\/\/tmv-spital.at\/wp-content\/uploads\/2021\/07\/musi2012.jpg 320w, https:\/\/tmv-spital.at\/wp-content\/uploads\/2021\/07\/musi2012-300x181.jpg 300w, https:\/\/tmv-spital.at\/wp-content\/uploads\/2021\/07\/musi2012-259x156.jpg 259w\" sizes=\"(max-width: 320px) 100vw, 320px\" \/><\/figure><div class=\"wp-block-media-text__content\">\n<p>Mit einem zweit\u00e4gigen Fest am 6. und 7. Juni 2009 feierte der TMV sein 100 &#8211; j\u00e4hriges Jubil\u00e4um. Zu diesem Anlass wurde eigens der Marsch &#8222;Gru\u00df aus Spital am Semmering&#8220; von Franz Meierhofer komponiert. Der Mitgliederstand im Jahr 2012 betrug 48 Musikerinnen und Musiker.<\/p>\n<\/div><\/div>\n\n\n\n<div style=\"height:50px\" aria-hidden=\"true\" class=\"wp-block-spacer\"><\/div>\n\n\n\n<div class=\"wp-block-media-text alignwide has-media-on-the-right is-stacked-on-mobile\" style=\"grid-template-columns:auto 46%\"><figure class=\"wp-block-media-text__media\"><img loading=\"lazy\" width=\"320\" height=\"240\" src=\"https:\/\/tmv-spital.at\/wp-content\/uploads\/2021\/07\/Steir.-Panther-2.jpg\" alt=\"\" class=\"wp-image-162 size-full\" srcset=\"https:\/\/tmv-spital.at\/wp-content\/uploads\/2021\/07\/Steir.-Panther-2.jpg 320w, https:\/\/tmv-spital.at\/wp-content\/uploads\/2021\/07\/Steir.-Panther-2-300x225.jpg 300w, https:\/\/tmv-spital.at\/wp-content\/uploads\/2021\/07\/Steir.-Panther-2-259x194.jpg 259w\" sizes=\"(max-width: 320px) 100vw, 320px\" \/><\/figure><div class=\"wp-block-media-text__content\">\n<p>Am 4. Mai 2015 durfte der TMV Spital am Semmering den vierten &#8222;Steirischen Panther&#8220; durch Landeshauptmann Mag. Franz Voves und LH. Stv. Hermann Sch\u00fctzenh\u00f6fer feierlich entgegennehmen.<\/p>\n\n\n\n<p>Und am 3. Mai 2018 wurde von Landeshauptmann Hermann&nbsp; Sch\u00fctzenh\u00f6fer der f\u00fcnfte \u201eSteirische Panther\u201c verliehen.<\/p>\n<\/div><\/div>\n\n\n\n<div style=\"height:50px\" aria-hidden=\"true\" class=\"wp-block-spacer\"><\/div>\n\n\n\n<div class=\"wp-block-media-text alignwide is-stacked-on-mobile\" style=\"grid-template-columns:45% auto\"><figure class=\"wp-block-media-text__media\"><img loading=\"lazy\" width=\"399\" height=\"339\" src=\"https:\/\/tmv-spital.at\/wp-content\/uploads\/2021\/07\/003.jpg\" alt=\"\" class=\"wp-image-155 size-full\" srcset=\"https:\/\/tmv-spital.at\/wp-content\/uploads\/2021\/07\/003.jpg 399w, https:\/\/tmv-spital.at\/wp-content\/uploads\/2021\/07\/003-300x255.jpg 300w, https:\/\/tmv-spital.at\/wp-content\/uploads\/2021\/07\/003-259x220.jpg 259w\" sizes=\"(max-width: 399px) 100vw, 399px\" \/><\/figure><div class=\"wp-block-media-text__content\">\n<p>Trachtenmusikverein 2015<\/p>\n<\/div><\/div>\n\n\n\n<div style=\"height:50px\" aria-hidden=\"true\" class=\"wp-block-spacer\"><\/div>\n\n\n\n<p>In der Vereinsgeschichte gab es viele H\u00f6hen und Tiefen, aber die Kameradschaft hielt den Musikverein immer wieder zusammen, so dass dieser stets zum Wohle des Ortes Spital wirken konnte.<\/p>\n\n\n\n<div style=\"height:50px\" aria-hidden=\"true\" class=\"wp-block-spacer\"><\/div>\n\n\n\n<div class=\"wp-block-columns\">\n<div class=\"wp-block-column\">\n<h3>Kapellmeister<\/h3>\n\n\n\n<figure class=\"wp-block-table\"><table><tbody><tr><td>1860 &#8211; 1887<\/td><td>Wenzel Karl H\u00f6dl<\/td><\/tr><tr><td>1887 &#8211; 1901<\/td><td>Josef Schank<\/td><\/tr><tr><td>1901 &#8211; 1905<\/td><td>Johann Weidenbacher<\/td><\/tr><tr><td>1905 &#8211; 1910<\/td><td>Matthias Sittsam<\/td><\/tr><tr><td>1910 &#8211; 1914<\/td><td>Franz Tutschek<\/td><\/tr><tr><td>1914 &#8211; 1919<\/td><td>Millit\u00e4rstillstand<\/td><\/tr><tr><td>1919 &#8211; 1923<\/td><td>Hans Spreitzhofer<\/td><\/tr><tr><td>1923 &#8211; 1926<\/td><td>Anton Pointner<\/td><\/tr><tr><td>1926 &#8211; 1928<\/td><td>Franz Ziegler<\/td><\/tr><tr><td>1928 &#8211; 1930<\/td><td>Fembek<\/td><\/tr><tr><td>1930 &#8211; 1932<\/td><td>Mathias Herbst<\/td><\/tr><tr><td>1932 &#8211; 1959<\/td><td>Rudolf Klein<\/td><\/tr><tr><td>1959 &#8211; 1963<\/td><td>Walter Meister<\/td><\/tr><tr><td>1963 &#8211; 1966<\/td><td>Robert Traunwieser<\/td><\/tr><tr><td>1966 &#8211; 1972<\/td><td>Helmut Kernbichler<\/td><\/tr><tr><td>1972 &#8211; 1980<\/td><td>Helmut Graf<\/td><\/tr><tr><td>1980 &#8211; 1981<\/td><td>Anton Br\u00fcckner<\/td><\/tr><tr><td>1982 &#8211; 1998<\/td><td>Albert Hausleber<\/td><\/tr><tr><td>1998 &#8211; 1999<\/td><td>G\u00fcnter Bergmann<\/td><\/tr><tr><td>1999 &#8211; 2000<\/td><td>Richard Schmid<\/td><\/tr><tr><td>2000 &#8211; 2007<\/td><td>Mag. Gerlinde Karner<\/td><\/tr><tr><td>2008 &#8211; 2014<\/td><td>Mag. Andreas Farnleitner<\/td><\/tr><tr><td>2015 &#8211; 2018<\/td><td>Josef Kn\u00f6belreiter<\/td><\/tr><tr><td>2019 &#8211; 2024<\/td><td>Marco Schweiger<\/td><\/tr><tr><td>2025 &#8211; Heute<\/td><td>Martin Ruschitzka<\/td><\/tr><\/tbody><\/table><\/figure>\n<\/div>\n\n\n\n<div class=\"wp-block-column\">\n<h3>Obm\u00e4nner<\/h3>\n\n\n\n<figure class=\"wp-block-table\"><table><tbody><tr><td>1860 &#8211; 1917<\/td><td>Johann Fosl<\/td><\/tr><tr><td>1917 &#8211; 1928<\/td><td>Friedrich Delitz<\/td><\/tr><tr><td>1928 &#8211; 1930<\/td><td>Franz Krenko<\/td><\/tr><tr><td>1930 &#8211; 1935<\/td><td>Weselko<\/td><\/tr><tr><td>1935 &#8211; 1960<\/td><td>Karl Fauster<\/td><\/tr><tr><td>1960 &#8211; 1969<\/td><td>R. Pollerus<\/td><\/tr><tr><td>1969 &#8211; 1976<\/td><td>R. Rannacher<\/td><\/tr><tr><td>1976 &#8211; 1998<\/td><td>Max Tatscher<\/td><\/tr><tr><td>1998 &#8211; 2002<\/td><td>Werner Walli<\/td><\/tr><tr><td>2002 &#8211; 2022<\/td><td>Gerald Graf<\/td><\/tr><tr><td>2022 &#8211; 2025<\/td><td>Chiara Zink<\/td><\/tr><tr><td>2025 &#8211; Heute<\/td><td>Marcel Skerget<\/td><\/tr><\/tbody><\/table><\/figure>\n\n\n\n<p><\/p>\n<\/div>\n<\/div>\n","protected":false},"excerpt":{"rendered":"<p>Ab 1976 veranstaltete der Trachtenmusikverein gemeinsam mit dem Wintersportverein Spital Zeltfeste. Musikerfreundschaften mit den Kapellen von \u00bbLyra\u00ab Rheinzabern in Deutschland und Alberndorf in Ober\u00f6sterreich entwickelten &hellip;<\/p>\n","protected":false},"author":1,"featured_media":0,"parent":0,"menu_order":0,"comment_status":"closed","ping_status":"closed","template":"","meta":[],"_links":{"self":[{"href":"https:\/\/tmv-spital.at\/index.php?rest_route=\/wp\/v2\/pages\/145"}],"collection":[{"href":"https:\/\/tmv-spital.at\/index.php?rest_route=\/wp\/v2\/pages"}],"about":[{"href":"https:\/\/tmv-spital.at\/index.php?rest_route=\/wp\/v2\/types\/page"}],"author":[{"embeddable":true,"href":"https:\/\/tmv-spital.at\/index.php?rest_route=\/wp\/v2\/users\/1"}],"replies":[{"embeddable":true,"href":"https:\/\/tmv-spital.at\/index.php?rest_route=%2Fwp%2Fv2%2Fcomments&post=145"}],"version-history":[{"count":12,"href":"https:\/\/tmv-spital.at\/index.php?rest_route=\/wp\/v2\/pages\/145\/revisions"}],"predecessor-version":[{"id":1415,"href":"https:\/\/tmv-spital.at\/index.php?rest_route=\/wp\/v2\/pages\/145\/revisions\/1415"}],"wp:attachment":[{"href":"https:\/\/tmv-spital.at\/index.php?rest_route=%2Fwp%2Fv2%2Fmedia&parent=145"}],"curies":[{"name":"wp","href":"https:\/\/api.w.org\/{rel}","templated":true}]}}